{"version":"1.0","provider_name":"Mindennapi b\u00f6szmes\u00e9gek","provider_url":"https:\/\/akiserlet.cafeblog.hu","author_name":"Szilvia","author_url":"https:\/\/akiserlet.cafeblog.hu\/author\/keleszilvigmail-com\/","title":"Advent, avagy mi j\u00f3 j\u00f6n a kar\u00e1csonnyal?","html":"<p>2016. Id\u00e9n is lesz kar\u00e1csony. \u00c9s van advent. N\u00e1lunk az nagyj\u00e1b\u00f3l a sz\u00fclinapommal kezd\u0151dik, mivel pont egy h\u00f3nappal kar\u00e1csony el\u0151tt j\u00f6ttem mint a gyorsvonat anno. Id\u00e9n volt tort\u00e1m, meg minden. Koszor\u00fat viszont adventre nem csin\u00e1ltunk, pedig j\u00f3 ez az eg\u00e9sz kar\u00e1csony v\u00e1r\u00f3sdi, ahogy elkezd\u0151dik a t\u00e9l. Nagyon is j\u00f3. J\u00f6n egy csom\u00f3 j\u00f3 dolog, pl\u00e1ne \u00edgy csal\u00e1dosan. \u00cdgy kicsit t\u00f6bb j\u00f3 is.<\/p>\r\n[caption id=\"attachment_1844\" align=\"alignleft\" width=\"169\"]<a href=\"https:\/\/akiserlet.cafeblog.hu\/files\/2016\/11\/gabikoszoruja2016.jpg\"><img class=\"wp-image-1844 size-medium\" src=\"https:\/\/akiserlet.cafeblog.hu\/files\/2016\/11\/gabikoszoruja2016-169x300.jpg\" width=\"169\" height=\"300\" \/><\/a> egy bar\u00e1tunk adventi csod\u00e1ja[\/caption]\r\n<ul>\r\n<li>Nem lesz suli majd k\u00e9t h\u00e9tig! Igaz\u00e1b\u00f3l m\u00e1r nem is a sulival van bajom. Beler\u00e1z\u00f3dtunk. Ok, \u00e9n nem annyira sz\u00fcl\u0151k\u00e9nt, de f\u00e9rj fell\u00e9p\u00e9se sokat lend\u00edt a tan\u00edt\u00f3n\u0151kkel val\u00f3 kommunik\u00e1ci\u00f3n, ha elakadn\u00e1nk. Szerencs\u00e9re mag\u00e1t a tanul\u00e1st b\u00edrj\u00e1k a k\u00f6lk\u00f6k, a dolgkat meg ki a fene szerette? Semmi eredm\u00e9ny\u00fck, csak jegy j\u00e1r r\u00e1. De kar\u00e1csony el\u0151tt m\u00e9g a suli is vid\u00e1mabb, egy csom\u00f3 plusz program, szabad \u00f6tletel\u00e9s (legal\u00e1bbis mindk\u00e9t gyerekem oszt\u00e1ly\u00e1ban) Sz\u00f3val ilyenkor t\u00e9nyleg rengeteg hasznos dolgot tanulnak, nem csak nyelvtanszab\u00e1lyokat, vagy monoton sz\u00e1mol\u00e1st. Hanem csapatmunk\u00e1t, elfogad\u00e1st, gondolkod\u00e1st... mindenf\u00e9l\u00e9t aminek az \u00e9letben haszn\u00e1t veszi az ember.\u00a0 \u00c9s a v\u00e9g\u00e9n kar\u00e1csony szilveszter, \u00e9s tuti nincs rendszerbefarag\u00e1s addig.\u00a0 Juppi!<\/li>\r\n<li>Mert mindenhol csupa vid\u00e1m j\u00f3 zene sz\u00f3l. M\u00e9g egy vajat is \u00fagy vesz\u00fcnk a boltban, hogy valami j\u00f3 kar\u00e1csonyi dal sz\u00f3l hozz\u00e1, a szeretetr\u0151l a h\u00f3r\u00f3l, a vid\u00e1ms\u00e1gr\u00f3l. \u00c9n b\u00edrom a kar\u00e1csonyi dalokat. Mindent, a reform\u00e1tus \u00e9nekekt\u0151l a csendes \u00e9jen \u00e1t, a francia kar\u00e1csonyi mis\u00e9kig. Szem\u00e9lyes kedvencem pedig az eg\u00e9sz mindenf\u00e9le <a href=\"https:\/\/www.youtube.com\/watch?v=iQjw_l0tljo\">Michael Bubl\u00e9 tolm\u00e1csol\u00e1s\u00e1ban a kar\u00e1csonyi album<\/a>. Vid\u00e1m, mi kell m\u00e9g?<\/li>\r\n<li>Mert kar\u00e1csonykor esz\u00fcnkbe jutnak a sz\u00e9p eml\u00e9kek azokr\u00f3l akik m\u00e1r nem lehetnek fizikailag vel\u00fcnk. Az adventi hangulatban kicsit bek\u00f6lt\u00f6zik a lelk\u00fck ism\u00e9t a csal\u00e1dba.\u00a0 Nekem eszembe jut nagymam\u00e1im tan\u00edt\u00e1sa, nagyap\u00e1m b\u00f6lcsess\u00e9ge, ap\u00e1m vid\u00e1m j\u00f3tan\u00e1csai.<\/li>\r\n<li>Mert \u00f6sszej\u00f6v\u00fcnk tal\u00e1lkozni. Ezt minden \u00fcnnepben szeretem :)<\/li>\r\n<li>Mert iszony\u00fa j\u00f3 illatok vannak mindenfel\u00e9. Forralt bor, m\u00e9zeskal\u00e1cs, narancsh\u00e9j... A sok kar\u00e1csonyi v\u00e1s\u00e1rnak elj\u00f6tt az ideje (nem az t\u00falz\u00e1s ha november elej\u00e9n kezdik, de mostm\u00e1r\u00a0 szuper hogy van, itt az advent)<\/li>\r\n<li>Mert hi\u00e1ba a s\u00f6t\u00e9t d\u00e9lut\u00e1nok, mindenhol f\u00e9nyek d\u00e9lut\u00e1n, \u00e9s est\u00e9nk\u00e9nt. Gy\u00f6ny\u00f6r\u0171 ilyenkor csak a h\u00e1zak k\u00f6zt v\u00e9gigmenni, \u00e9s az ablakok d\u00edszeit n\u00e9zni, vagy tereken, f\u0151utc\u00e1kon s\u00e9t\u00e1lni a csillagok, cseng\u0151k, feny\u0151\u00e1gas vil\u00e1g\u00edt\u00e1s k\u00f6z\u00f6tt.<\/li>\r\n<li>Mert v\u00e9gre egy id\u0151szak, amikor nem kell keseregni hivatalosan is. Szabad boldognak lenni, senkit se b\u00e1ntunk meg vele, s\u0151t! Hi\u00e1ba depresszi\u00f3s a f\u00e9l orsz\u00e1g, valahogy v\u00e9gre mindenki a v\u00e1rakoz\u00e1sban kicsit megnyugszik \u00e9s vid\u00e1mabb lesz. \u00c9s mernek az emberek mosolyogni b\u00e1tran.<\/li>\r\n<\/ul>\r\n<p>Mert a kar\u00e1csonyt v\u00e1rni j\u00f3. \u00c9s nem utols\u00f3sorban tudja az ember, hogy 21 \u00e9t\u0151l m\u00e1r hosszabbodnak a nappalok . \u00dagyhogy kifele megy\u00fcnk ism\u00e9t az eg\u00e9sz bor\u00fab\u00f3l lassan. Hi\u00e1ba a hideg, Ha s\u00fct a nap is j\u00f3, ah hull a h\u00f3 is j\u00f3. Az advent vid\u00e1mm\u00e1 teszi a t\u00e9li hideg est\u00e9ket. J\u00f3 le\u00fclni, \u00e9s \u00e9s kicsit lass\u00edtani.<\/p>\r\n<p>Sz\u00e9p adventet mindenkinek!<\/p>","type":"rich"}