{"version":"1.0","provider_name":"Mindennapi b\u00f6szmes\u00e9gek","provider_url":"https:\/\/akiserlet.cafeblog.hu","author_name":"Szilvia","author_url":"https:\/\/akiserlet.cafeblog.hu\/author\/keleszilvigmail-com\/","title":"Nov 1: eml\u00e9kez\u00e9s","html":"<a href=\"https:\/\/akiserlet.cafeblog.hu\/files\/2014\/11\/eml\u00e9kez\u00e9svers.gif\"><img class=\"alignright size-medium wp-image-702\" src=\"https:\/\/akiserlet.cafeblog.hu\/files\/2014\/11\/eml\u00e9kez\u00e9svers-300x222.gif\" alt=\"\" width=\"300\" height=\"222\" \/><\/a>Szeretem ezt az \u00fcnnepet, akkor is ha olyan szomor\u00faan vid\u00e1m, mert m\u00e1t elmentek akikre eml\u00e9kez\u00fcnk. Akkor is, ha az \u00e9n halottaimhoz nem jutunk ki, mert t\u00fal messze vannak eltemetve. De gondolunk r\u00e1juk. szeretek eml\u00e9kezni a sz\u00e9p dolgokra. A temet\u0151 pedig ilyenkor gy\u00f6ny\u00f6r\u0171 a f\u00e9nyekt\u0151l. Sz\u00e9p \u00fcnnep. meghat\u00f3.\r\n\r\nId\u00e9n is gy\u00fajtottunk gyerty\u00e1kat. Gondolni mindig gondolunk az elmentekre, hiszen a tud\u00e1s amit \u00e1tadtak, \u00e9s a sok t\u00f6rt\u00e9net , k\u00f6z\u00f6s \u00e9lm\u00e9nyek vel\u00fcnk vannak. De ilyenkor \u0151ket \u00fcnnepelj\u00fck. Lehet sz\u00e1m\u00edt, lehet nem, de kicsit meg\u00fcnnepelj\u00fck \u0151ket is \u00fajra ilyenkor. J\u00f3 hogy voltak.\r\n\r\nMindenkinek sz\u00e9p eml\u00e9kez\u00e9st a h\u00e9tv\u00e9g\u00e9re!","type":"rich"}