{"version":"1.0","provider_name":"Mindennapi b\u00f6szmes\u00e9gek","provider_url":"https:\/\/akiserlet.cafeblog.hu","author_name":"Szilvia","author_url":"https:\/\/akiserlet.cafeblog.hu\/author\/keleszilvigmail-com\/","title":"Hetedik nap indul!!","html":"M\u00e9rleg: 59.6 kg.\r\n\r\nSz\u00f3val eltelt\u00a0 6 eg\u00e9sz nap. \u00dajra lem\u00e9ricsk\u00e9ltem magam. Nagy csoda az\u00e9rt nem t\u00f6rt\u00e9nt. Reggelire benyomtam egy t\u00far\u00f3s palacsint\u00e1t, \u00e9s j\u00f3 vala. Most pedig j\u00f6jjenek az adatok mindenb\u0151l \u00edrok kezdetit, \u00e9s mostot, majd a v\u00e1ltoz\u00e1st.\r\n\r\ns\u00faly kezdeti:\u00a0\u00a0\u00a0\u00a0 62.4 kg\u00a0\u00a0\u00a0\u00a0\u00a0 most: <strong>59.6 kg<\/strong>\u00a0\u00a0\u00a0\u00a0 v\u00e1ltoz\u00e1s: -2.8 kg\r\n\r\nder\u00e9k kezdeti:\u00a0 84 cm\u00a0\u00a0\u00a0\u00a0\u00a0\u00a0\u00a0 most:<strong> 79 cm\u00a0<\/strong>\u00a0\u00a0\u00a0\u00a0\u00a0\u00a0 v\u00e1ltoz\u00e1s: -5 cm\r\n\r\ncs\u00edp\u0151 kezdeti:\u00a0\u00a0 96 cm\u00a0\u00a0\u00a0\u00a0\u00a0\u00a0\u00a0 most: <strong>95 cm<\/strong>\u00a0\u00a0\u00a0\u00a0\u00a0\u00a0\u00a0 v\u00e1ltoz\u00e1s: -1 cm\r\n\r\nhas kezdeti:\u00a0\u00a0\u00a0\u00a0\u00a0 93 cm\u00a0\u00a0\u00a0\u00a0\u00a0\u00a0\u00a0 most:<strong> 90 cm<\/strong>\u00a0\u00a0\u00a0\u00a0\u00a0\u00a0\u00a0 v\u00e1ltoz\u00e1s: -1 cm\r\n\r\ncomb kezdeti:\u00a0 59 cm\u00a0\u00a0\u00a0\u00a0\u00a0\u00a0\u00a0 most:<strong> 59 cm<\/strong>\u00a0\u00a0\u00a0\u00a0\u00a0\u00a0\u00a0\u00a0 v\u00e1ltoz\u00e1s: 0 cm\r\n\r\nmell kezdeti:\u00a0 \u00a0 90 cm\u00a0\u00a0\u00a0\u00a0\u00a0\u00a0\u00a0 most: <strong>89 cm<\/strong>\u00a0\u00a0\u00a0\u00a0\u00a0\u00a0\u00a0 v\u00e1ltoz\u00e1s: -1 cm\r\n\r\nkar kezdeti:\u00a0\u00a0\u00a0 \u00a0 29 cm\u00a0\u00a0\u00a0\u00a0\u00a0\u00a0\u00a0 most:<strong> 30 cm<\/strong>\u00a0\u00a0\u00a0\u00a0\u00a0\u00a0\u00a0\u00a0 v\u00e1ltoz\u00e1s: +1 cm\r\n\r\nA karom meglep\u0151. b\u00e1r ilyen f\u00e9lfekv\u0151ket nyomtam, gondolom bedurrant a kev\u00e9ske karizmom.\r\n\r\nH\u00e1t itt tartok ma. \u00c9s nem kell napon futni menni, majd este is tudok. \u00e9ljen h\u00e9tv\u00e9ge!! Igyekszem megszerkeszteni napk\u00f6zben a k\u00e9peket, mondjuk lev\u00e1gom r\u00f3la a k\u00e9psz\u00e9leket :) De mint a centik is mutatj\u00e1k, p\u00e1r nap nem tesz csod\u00e1t, \u00edgy nagy v\u00e1ltoz\u00e1s nincs. De ha m\u00e1r meg\u00edg\u00e9rtem, fenntlesz.\r\n\r\nSz\u00e9p napot mindenkinek!\r\n\r\n&nbsp;","type":"rich"}